{"id":290,"date":"2017-02-18T12:55:25","date_gmt":"2017-02-18T12:55:25","guid":{"rendered":"http:\/\/demo.kimarotec.com\/wordpress-taxi-theme\/?page_id=290"},"modified":"2018-01-26T23:42:14","modified_gmt":"2018-01-26T23:42:14","slug":"services","status":"publish","type":"page","link":"https:\/\/www.taxiofficial.be\/fr\/services\/","title":{"rendered":"Services"},"content":{"rendered":"<p>[vc_row el_class=\u00a0\u00bb services-section \u00ab\u00a0][vc_column width=\u00a0\u00bb1\/2&Prime; css=\u00a0\u00bb.vc_custom_1459394023701{padding-top: 70px !important;}\u00a0\u00bb][vc_single_image image=\u00a0\u00bb789&Prime; img_size=\u00a0\u00bbfull\u00a0\u00bb alignment=\u00a0\u00bbcenter\u00a0\u00bb style=\u00a0\u00bbvc_box_circle_2&Prime;][\/vc_column][vc_column width=\u00a0\u00bb1\/2&Prime; css=\u00a0\u00bb.vc_custom_1487425462442{padding-top: 80px !important;}\u00a0\u00bb][vc_column_text]<\/p>\n<h3><strong>Taxi vers l\u2019A\u00e9roport \u2013 Transferts de l\u2019A\u00e9roport<\/strong><\/h3>\n<p>Transfert de l\u2019A\u00e9roport: navette pour l\u2019a\u00e9roport de Bruxelles National (Zaventem), l\u2019a\u00e9roport de Charleroi, l\u2019a\u00e9roport d\u2019Ostende, l\u2019a\u00e9roport de Schiphol,\u00a0l\u2019a\u00e9roport de paris,\u00a0l\u2019a\u00e9roport d&rsquo;amsterdam, l\u2019a\u00e9roport de D\u00fcsseldorf et d\u2019autres a\u00e9roports. Nous assurons le transport national et international vers l\u2019a\u00e9roport de votre choix. Votre r\u00e9servation est automatiquement confirm\u00e9e par email.[\/vc_column_text][\/vc_column][\/vc_row][vc_row el_class=\u00a0\u00bb services-section \u00ab\u00a0][vc_column width=\u00a0\u00bb1\/2&Prime; css=\u00a0\u00bb.vc_custom_1459394023701{padding-top: 70px !important;}\u00a0\u00bb][vc_column_text]<\/p>\n<h2 class=\"title-heading-left\" style=\"text-align: right;\">Prise en charge \u00e0 l\u2019a\u00e9roport.<\/h2>\n<h2 class=\"title-heading-left\" style=\"text-align: right;\">Service Meet Your Driver:<\/h2>\n<p style=\"text-align: right;\">A l\u2019a\u00e9roport de Zaventem, nos chauffeurs vous attendront dans la salle d\u2019arriv\u00e9e devant le \u00ab\u00a0Java Coffee Shop\u00a0\u00bb avec un panneau\/une tablette portant votre nom ou le nom du groupe.<\/p>\n<p>[\/vc_column_text][vc_column_text]<\/p>\n<p>&nbsp;<\/p>\n<p>&nbsp;<\/p>\n<p>&nbsp;<\/p>\n<p>[\/vc_column_text][vc_column_text]A l\u2019a\u00e9roport de Charleroi,\u00a0un chauffeur vous attendra dans le hall des arriv\u00e9es, au poste indiqu\u00e9 \u00e0 cot\u00e9, avec une pancarte \u00e0 votre nom ou celle d&rsquo;un groupe.[\/vc_column_text][\/vc_column][vc_column width=\u00a0\u00bb1\/2&Prime;][vc_single_image image=\u00a0\u00bb790&Prime; img_size=\u00a0\u00bbfull\u00a0\u00bb alignment=\u00a0\u00bbcenter\u00a0\u00bb style=\u00a0\u00bbvc_box_circle_2&Prime;][vc_single_image image=\u00a0\u00bb791&Prime; img_size=\u00a0\u00bbfull\u00a0\u00bb alignment=\u00a0\u00bbcenter\u00a0\u00bb style=\u00a0\u00bbvc_box_circle_2&Prime;][\/vc_column][\/vc_row][vc_row el_class=\u00a0\u00bb services-section \u00ab\u00a0][vc_column width=\u00a0\u00bb1\/2&Prime; css=\u00a0\u00bb.vc_custom_1459394023701{padding-top: 70px !important;}\u00a0\u00bb][vc_single_image image=\u00a0\u00bb795&Prime; img_size=\u00a0\u00bbfull\u00a0\u00bb alignment=\u00a0\u00bbcenter\u00a0\u00bb style=\u00a0\u00bbvc_box_circle_2&Prime;][\/vc_column][vc_column width=\u00a0\u00bb1\/2&Prime; css=\u00a0\u00bb.vc_custom_1487425473732{padding-top: 80px !important;}\u00a0\u00bb][vc_column_text]<\/p>\n<h3>Service\u00a0<span class=\"irc_pt\" dir=\"ltr\">FlightTrack<\/span><\/h3>\n<p>Nos chauffeurs utilisent des smartphones afin de suivre le statut de votre vol.<\/p>\n<p>En cas de r\u00e9servation sur le site, nous vous prions aimablement de ne pas oublier de nous communiquer votre num\u00e9ro de vol ainsi que votre num\u00e9ro de gsm. Dans le champs \u00a0\u00bb\u00a0informations compl\u00e9mentaires\u00a0\u00ab\u00a0, vous pouvez \u00e9galement ajouter: bagage suppl\u00e9mentaire, poussette, si\u00e8ge enfant (l\u2019\u00e2ge de l\u2019enfant doit obligatoirement \u00eatre mentionn\u00e9) ou poser une question sp\u00e9cifique.[\/vc_column_text][\/vc_column][\/vc_row]<\/p>\n","protected":false},"excerpt":{"rendered":"<p>[vc_row el_class=\u00a0\u00bb services-section \u00ab\u00a0][vc_column width=\u00a0\u00bb1\/2&Prime; css=\u00a0\u00bb.vc_custom_1459394023701{padding-top: 70px !important;}\u00a0\u00bb][vc_single_image image=\u00a0\u00bb789&Prime; img_size=\u00a0\u00bbfull\u00a0\u00bb alignment=\u00a0\u00bbcenter\u00a0\u00bb style=\u00a0\u00bbvc_box_circle_2&Prime;][\/vc_column][vc_column width=\u00a0\u00bb1\/2&Prime; css=\u00a0\u00bb.vc_custom_1487425462442{padding-top: 80px !important;}\u00a0\u00bb][vc_column_text] Taxi vers l\u2019A\u00e9roport \u2013 Transferts de l\u2019A\u00e9roport Transfert de l\u2019A\u00e9roport: navette pour l\u2019a\u00e9roport de Bruxelles National (Zaventem), l\u2019a\u00e9roport de Charleroi, l\u2019a\u00e9roport d\u2019Ostende, l\u2019a\u00e9roport de Schiphol,\u00a0l\u2019a\u00e9roport de paris,\u00a0l\u2019a\u00e9roport d&rsquo;amsterdam, l\u2019a\u00e9roport de D\u00fcsseldorf et d\u2019autres a\u00e9roports. Nous assurons le transport national [&hellip;]<\/p>\n","protected":false},"author":1,"featured_media":0,"parent":0,"menu_order":0,"comment_status":"closed","ping_status":"closed","template":"","meta":{"_monsterinsights_skip_tracking":false,"_monsterinsights_sitenote_active":false,"_monsterinsights_sitenote_note":"","_monsterinsights_sitenote_category":0,"footnotes":""},"yst_prominent_words":[532,275,257,270,166,271,268,264,265,278,274,272,277,269,279,273,266,276,267,280],"class_list":["post-290","page","type-page","status-publish","hentry"],"_links":{"self":[{"href":"https:\/\/www.taxiofficial.be\/fr\/wp-json\/wp\/v2\/pages\/290","targetHints":{"allow":["GET"]}}],"collection":[{"href":"https:\/\/www.taxiofficial.be\/fr\/wp-json\/wp\/v2\/pages"}],"about":[{"href":"https:\/\/www.taxiofficial.be\/fr\/wp-json\/wp\/v2\/types\/page"}],"author":[{"embeddable":true,"href":"https:\/\/www.taxiofficial.be\/fr\/wp-json\/wp\/v2\/users\/1"}],"replies":[{"embeddable":true,"href":"https:\/\/www.taxiofficial.be\/fr\/wp-json\/wp\/v2\/comments?post=290"}],"version-history":[{"count":7,"href":"https:\/\/www.taxiofficial.be\/fr\/wp-json\/wp\/v2\/pages\/290\/revisions"}],"predecessor-version":[{"id":837,"href":"https:\/\/www.taxiofficial.be\/fr\/wp-json\/wp\/v2\/pages\/290\/revisions\/837"}],"wp:attachment":[{"href":"https:\/\/www.taxiofficial.be\/fr\/wp-json\/wp\/v2\/media?parent=290"}],"wp:term":[{"taxonomy":"yst_prominent_words","embeddable":true,"href":"https:\/\/www.taxiofficial.be\/fr\/wp-json\/wp\/v2\/yst_prominent_words?post=290"}],"curies":[{"name":"wp","href":"https:\/\/api.w.org\/{rel}","templated":true}]}}